{"id":2146,"date":"2019-02-28T13:48:10","date_gmt":"2019-02-28T13:48:10","guid":{"rendered":"https:\/\/apostrof.coop\/avis-legal\/"},"modified":"2019-06-13T08:35:36","modified_gmt":"2019-06-13T08:35:36","slug":"aviso-legal","status":"publish","type":"page","link":"https:\/\/apostrof.coop\/es\/aviso-legal\/","title":{"rendered":"Aviso legal"},"content":{"rendered":"<div class=\"wpb-content-wrapper\"><p>[vc_row][vc_column offset=\u00bbvc_col-lg-offset-1 vc_col-lg-10 vc_col-md-offset-1 vc_col-md-10&#8243;][vc_column_text el_class=\u00bblegal-text\u00bb]<\/p>\n<h1>Aviso legal<\/h1>\n<p>L\u2019AP\u00d2STROF, SCCL, es una sociedad cooperativa catalana limitada, con CIF F61292181, inscrita en el Registro de Cooperativas en la hoja BN-9467. Su domicilio est\u00e1 en la calle Casp, n\u00fam. 43, bajos 1a, de Barcelona (08010).<br \/>\nCorreo electr\u00f3nico: <a href=\"mailto:info@apostrof.coop\">info@apostrof.coop<\/a><\/p>\n<p>L\u2019Ap\u00f2strof compartimos los contenidos propios con una licencia Creative Commons de Reconocimiento-NoComercial-Compartir Igual (CC-BY-NC-SA). Esta licencia permite a cualquier persona mezclar, adaptar y construir nuevas obras a partir de las nuestras siempre que se reconozca la autor\u00eda, no se haga un uso comercial y se mantenga la misma licencia en las nuevas creaciones. Esta licencia afecta a los contenidos textuales y visuales del blog. Para usos m\u00e1s all\u00e1 de esta licencia escribir a <a href=\"mailto:info@apostrof.coop\">info@apostrof.coop<\/a>.<\/p>\n<p>En cuanto a los derechos de propiedad intelectual e industrial de la web, su c\u00f3digo fuente, dise\u00f1o, estructura de navegaci\u00f3n, bases de datos y los distintos elementos que contiene son titularidad exclusiva de L\u2019AP\u00d2STROF, SCCL, a qui\u00e9n corresponde el ejercicio exclusivo de los derechos de explotaci\u00f3n de los mismos en cualquier forma y, en especial, los derechos de reproducci\u00f3n, distribuci\u00f3n, comunicaci\u00f3n p\u00fablica, puesta a disposici\u00f3n y transformaci\u00f3n.<\/p>\n<p>Por lo que respecta a las rese\u00f1as de servicios de terceros que puedan aparecer en la web, L\u2019AP\u00d2STROF, SCCL, reconoce a favor de sus titulares los correspondientes derechos de propiedad industrial e intelectual, y su sola menci\u00f3n o la aparici\u00f3n en la web no implica la existencia de derechos sobre las mismas.<\/p>\n<p>La utilizaci\u00f3n no autorizada de la informaci\u00f3n contenida en esta web, su revenda as\u00ed como la lesi\u00f3n de los derechos de propiedad intelectual o industrial dar\u00e1 lugar a las responsabilidades legalmente establecidas.<\/p>\n<p>L\u2019AP\u00d2STROF, SCCL, se reserva el derecho de actualizar, modificar o eliminar informaci\u00f3n contenida en su web, as\u00ed como su configuraci\u00f3n, prestaciones o condiciones de acceso y uso en cualquier momento y sin necesidad de previo aviso.<\/p>\n<p>L\u2019AP\u00d2STROF, SCCL, no garantiza la inexistencia de interrupciones o errores en el acceso al sitio web, ni asumir\u00e1 responsabilidad alguna por problemas t\u00e9cnicos o fallos que se produzcan durante la conexi\u00f3n a Internet.<\/p>\n<p>L\u2019AP\u00d2STROF, SCCL, tampoco garantiza la ausencia de virus ni de otros elementos que puedan producir alteraciones en su sistema inform\u00e1tico (software y hardware) o en los documentos electr\u00f3nicos y ficheros almacenados en el su sistema inform\u00e1tico, por lo que excluye cualquier responsabilidad por los da\u00f1os y perjuicios que puedan producirse en el sistema inform\u00e1tico, documentos electr\u00f3nicos o ficheros de los usuarios.<\/p>\n<p>La prestaci\u00f3n del servicio del sitio web y de los otros servicios tiene en principio una duraci\u00f3n indefinida. Sin embargo, L\u2019AP\u00d2STROF, SCCL, est\u00e1 autorizada a dar por terminada o suspender la prestaci\u00f3n del servicio en cualquier momento. Est\u00e1 estrictamente prohibido modificar, transmitir, distribuir, reutilizar, reenviar o usar la totalidad o parte del contenido de este sitio web para prop\u00f3sitos p\u00fablicos o comerciales incluyendo texto, im\u00e1genes, audio y\/o v\u00eddeo sin la autorizaci\u00f3n escrita de L\u2019AP\u00d2STROF, SCCL.<\/p>\n<p>Todo usuario o tercero que desee incluir dentro de su p\u00e1gina web cualquier tipo de enlace o hiperv\u00ednculo que conecte o traslade a la de L\u2019AP\u00d2STROF, SCCL, o a las p\u00e1ginas que la componen, deber\u00e1 notificarlo previamente a L\u2019AP\u00d2STROF, SCCL, y obtener la autorizaci\u00f3n correspondiente.[\/vc_column_text][vc_column_text el_class=\u00bblegal-text\u00bb]<\/p>\n<h3>Pol\u00edtica de privacidad y protecci\u00f3n de datos<\/h3>\n<p>Se informa a los usuarios de la p\u00e1gina web, en cumplimiento de la legislaci\u00f3n vigente en materia de protecci\u00f3n de datos de car\u00e1cter personal y de la Ley de servicios de la sociedad de la informaci\u00f3n y comercio electr\u00f3nico, sobre la pol\u00edtica de privacidad y de protecci\u00f3n de datos de car\u00e1cter personal con la finalidad de que estos decidan de manera expresa, libre y voluntaria si desean facilitar a L\u2019AP\u00d2STROF, SCCL, los datos personales solicitados y que son necesarios para el desarrollo de la actividad de la cooperativa.<\/p>\n<p>En L\u2019AP\u00d2STROF, SCCL, hemos adoptado las medidas organizativas y t\u00e9cnicas necesarias apara asegurar la protecci\u00f3n de las personas f\u00edsicas en cuanto al tratamiento de sus datos personales de acuerdo con la legislaci\u00f3n vigente.<\/p>\n<p>Los datos facilitados por la persona interesada a L\u2019AP\u00d2STROF, SCCL, a trav\u00e9s de los distintos formularios en papel o web, deber\u00e1n ser ver\u00eddicos, exactos y actualizados.<\/p>\n<p>Para cumplir la legislaci\u00f3n vigente en materia de protecci\u00f3n de datos personales, ponemos a disposici\u00f3n de la persona interesada la siguiente informaci\u00f3n:<\/p>\n<p>[\/vc_column_text][vc_column_text el_class=\u00bblegal-text\u00bb]<\/p>\n<table>\n<thead>\n<tr>\n<th style=\"padding: 10px;\">Tratamiento<\/th>\n<th style=\"padding: 10px;\">Clientes<\/th>\n<\/tr>\n<\/thead>\n<tbody>\n<tr>\n<td style=\"padding: 10px;\">Finalidad\/es del tratamiento<\/td>\n<td style=\"padding: 10px;\">Gesti\u00f3n de la relaci\u00f3n con los clientes.<\/td>\n<\/tr>\n<tr>\n<td style=\"padding: 10px;\">Descripci\u00f3n de la categor\u00eda<\/td>\n<td style=\"padding: 10px;\">Personas con las que se mantiene una una relaci\u00f3n comercial como clientes.<\/td>\n<\/tr>\n<tr>\n<td style=\"padding: 10px;\">Licitud del tratamiento<\/td>\n<td style=\"padding: 10px;\">El tratamiento es necesario para la ejecuci\u00f3n de un contrato en el que participa la persona interesada o para la aplicaci\u00f3n a petici\u00f3n de la misma de medidas precontractuales. El tratamiento es necesario para la satisfacci\u00f3n de intereses leg\u00edtimos perseguidos por el responsable del tratamiento (gesti\u00f3n comercial). Ver cl\u00e1usula informativa Clientes.<\/td>\n<\/tr>\n<tr>\n<td style=\"padding: 10px;\">Categor\u00eda de los datos personales<\/td>\n<td style=\"padding: 10px;\">Los necesarios para el mantenimiento de la relaci\u00f3n comercial: facturar, enviar<br \/>\npublicidad postal o por<br \/>\ncorreo electr\u00f3nico. De identificaci\u00f3n: nombre y apellidos, NIF, direcci\u00f3n postal,<br \/>\ntel\u00e9fono, correo electr\u00f3nico. Datos bancarios: para la domiciliaci\u00f3n de pagos.<\/td>\n<\/tr>\n<tr>\n<td style=\"padding: 10px;\">Categor\u00eda de destinatarios a los que se comunica o comunicar\u00e1n los datos<br \/>\npersonales<\/td>\n<td style=\"padding: 10px;\">Administraci\u00f3n tributaria.<br \/>\nBancos y entidades financieras.<\/td>\n<\/tr>\n<tr>\n<td style=\"padding: 10px;\">Categor\u00eda de encargados del tratamiento por cuenta de la empresa<\/td>\n<td style=\"padding: 10px;\">Gestor\u00eda.<br \/>\nColaboradores\/proveedores que prestan el servicio en nombre de la organizaci\u00f3n.<br \/>\nProveedor de mantenimiento de servicios inform\u00e1ticos.<\/td>\n<\/tr>\n<tr>\n<td style=\"padding: 10px;\">Plazo previsto para la supresi\u00f3n de las distintas categor\u00edas de datos<\/td>\n<td style=\"padding: 10px;\">Los previstos para la legislaci\u00f3n fiscal respecto a la prescripci\u00f3n de<br \/>\nresponsabilidades.<\/td>\n<\/tr>\n<\/tbody>\n<\/table>\n<table>\n<thead>\n<tr>\n<th style=\"padding: 10px;\">Tratamiento<\/th>\n<th style=\"padding: 10px;\">Contactos<\/th>\n<\/tr>\n<\/thead>\n<tbody>\n<tr>\n<td style=\"padding: 10px;\">Finalidad\/es del tratamiento<\/td>\n<td style=\"padding: 10px;\">Gesti\u00f3n de la relaci\u00f3n con clientes potenciales.<\/td>\n<\/tr>\n<tr>\n<td style=\"padding: 10px;\">Descripci\u00f3n de la categor\u00eda<\/td>\n<td style=\"padding: 10px;\">Personas con las que se busca o solicitan mantener una relaci\u00f3n comercial como<br \/>\ncliente.<\/td>\n<\/tr>\n<tr>\n<td style=\"padding: 10px;\">Licitud del tratamiento<\/td>\n<td style=\"padding: 10px;\">La persona interesada da su consentimiento para el tratamiento de sus<br \/>\ndatos personales para la finalidad<br \/>\nespec\u00edfica.Ver cl\u00e1usula informativa Contactos.<\/td>\n<\/tr>\n<tr>\n<td style=\"padding: 10px;\">Categor\u00eda de los datos personales<\/td>\n<td style=\"padding: 10px;\">Los necesarios para la promoci\u00f3n comercial de la empresa.<br \/>\nDe identificaci\u00f3n: nombre y apellidos, direcci\u00f3n postal, tel\u00e9fono, correo electr\u00f3nico.<\/td>\n<\/tr>\n<tr>\n<td style=\"padding: 10px;\">Categor\u00eda de destinatarios a los que se comunica o comunicar\u00e1n los datos<br \/>\npersonales<\/td>\n<td style=\"padding: 10px;\">No se prev\u00e9.<\/td>\n<\/tr>\n<tr>\n<td style=\"padding: 10px;\">Categor\u00eda de encargados del tratamiento por cuenta de la empresa<\/td>\n<td style=\"padding: 10px;\">Proveedor mantenimiento servicios inform\u00e1ticos.<\/td>\n<\/tr>\n<tr>\n<td style=\"padding: 10px;\">Plazo previsto para la supresi\u00f3n de las distintas categor\u00edas de datos<\/td>\n<td style=\"padding: 10px;\">Un a\u00f1o desde el \u00faltimo contacto.<\/td>\n<\/tr>\n<\/tbody>\n<\/table>\n<table>\n<thead>\n<tr>\n<th style=\"padding: 10px;\">Tratamiento<\/th>\n<th style=\"padding: 10px;\">Trabajadores\/as<\/th>\n<\/tr>\n<\/thead>\n<tbody>\n<tr>\n<td style=\"padding: 10px;\">Finalidad\/es del tratamiento<\/td>\n<td style=\"padding: 10px;\">Gesti\u00f3n de la relaci\u00f3n laboral con las personas trabajadoras.<\/td>\n<\/tr>\n<tr>\n<td style=\"padding: 10px;\">Descripci\u00f3n de la categor\u00eda<\/td>\n<td style=\"padding: 10px;\">Personas que trabajan para el responsable del tratamiento.<\/td>\n<\/tr>\n<tr>\n<td style=\"padding: 10px;\">Licitud del tratamiento<\/td>\n<td style=\"padding: 10px;\">El tratamiento es necesario para el cumplimiento de una obligaci\u00f3n legal aplicable al<br \/>\nresponsable<br \/>\ndel tratamiento (contratos, n\u00f3minas y PRL). El tratamiento es necesario para la<br \/>\nsatisfacci\u00f3n de intereses leg\u00edtimos perseguidos<br \/>\npor el responsable del tratamiento (formaci\u00f3n,<br \/>\norganizaci\u00f3n de los RR. HH.).<\/td>\n<\/tr>\n<tr>\n<td style=\"padding: 10px;\">Categor\u00eda de los datos personales<\/td>\n<td style=\"padding: 10px;\">Los necesarios para el mantenimiento de la relaci\u00f3n laboral. Gestionar los<br \/>\ncontratos, la n\u00f3mina,<br \/>\nla formaci\u00f3n y la PRL. De identificaci\u00f3n: nombre y apellidos, NIF, n\u00famero de<br \/>\nSeguridad Social, direcci\u00f3n postal,<br \/>\ntel\u00e9fono, correo electr\u00f3nico. Caracter\u00edsticas personales: estado<br \/>\ncivil, fecha y lugar de nacimiento, edad, sexo, nacionalidad y porcentaje<br \/>\nde discapacidad. Datos<br \/>\nacad\u00e9micos y profesionales. Datos bancarios para la domiciliaci\u00f3n del pago de las n\u00f3minas.<\/td>\n<\/tr>\n<tr>\n<td style=\"padding: 10px;\">Categor\u00eda de destinatarios a los que se comunica o comunicar\u00e1n los datos<br \/>\npersonales<\/td>\n<td style=\"padding: 10px;\">Seguridad Social.<br \/>\nHacienda.<br \/>\nBancos y entidades financieras.<\/td>\n<\/tr>\n<tr>\n<td style=\"padding: 10px;\">Categor\u00eda de encargados del tratamiento por cuenta de la empresa<\/td>\n<td style=\"padding: 10px;\">Gestor\u00eda.<br \/>\nServicio de prevenci\u00f3n ajeno.<br \/>\nProveedor de mantenimiento de servicios inform\u00e1ticos.<\/td>\n<\/tr>\n<tr>\n<td style=\"padding: 10px;\">Plazo previsto para la supresi\u00f3n de las distintas categor\u00edas de datos<\/td>\n<td style=\"padding: 10px;\">Los previstos para la legislaci\u00f3n fiscal y laboral respecto a la prescripci\u00f3n de<br \/>\nresponsabilidades.<\/td>\n<\/tr>\n<\/tbody>\n<\/table>\n<p>&nbsp;<\/p>\n<table>\n<thead>\n<tr>\n<th style=\"padding: 10px;\">Tratamiento<\/th>\n<th style=\"padding: 10px;\">Candidatos\/as<\/th>\n<\/tr>\n<\/thead>\n<tbody>\n<tr>\n<td style=\"padding: 10px;\">Finalidad\/es del tratamiento<\/td>\n<td style=\"padding: 10px;\">Gesti\u00f3n de la relaci\u00f3n con las personas candidatas a un puesto de trabajo en<br \/>\nla empresa.<\/td>\n<\/tr>\n<tr>\n<td style=\"padding: 10px;\">Descripci\u00f3n de la categor\u00eda<\/td>\n<td style=\"padding: 10px;\">Personas que desean trabajar para el responsable del tratamiento.<\/td>\n<\/tr>\n<tr>\n<td style=\"padding: 10px;\">Licitud del tratamiento<\/td>\n<td style=\"padding: 10px;\">La persona interesada da su consentimiento para el tratamiento de sus<br \/>\ndatos personales para la finalidad<br \/>\nespec\u00edfica. Ver cl\u00e1usula informativa Candidatos.<\/td>\n<\/tr>\n<tr>\n<td style=\"padding: 10px;\">Categor\u00eda de los datos personales<\/td>\n<td style=\"padding: 10px;\">Los necesarios para gestionar los curr\u00edculum de posibles futuras personas trabajadoras.<br \/>\nDe identificaci\u00f3n: nombre y apellidos, direcci\u00f3n postal, tel\u00e9fono, correo electr\u00f3nico,<br \/>\nsexo, nacionalidad y<br \/>\notros datos (excluyendo raza, salud o afiliaci\u00f3n sindical).<br \/>\nDatos acad\u00e9micos y profesionales.<\/td>\n<\/tr>\n<tr>\n<td style=\"padding: 10px;\">Categor\u00eda de destinatarios a los que se comunica o comunicar\u00e1n los datos<br \/>\npersonales<\/td>\n<td style=\"padding: 10px;\">No se comunican.<\/td>\n<\/tr>\n<tr>\n<td style=\"padding: 10px;\">Categor\u00eda de encargados del tratamiento por cuenta de la empresa<\/td>\n<td style=\"padding: 10px;\">Gestor\u00eda.<br \/>\nProveedor mantenimiento servicios inform\u00e1ticos.<\/td>\n<\/tr>\n<tr>\n<td style=\"padding: 10px;\">Plazo previsto para la supresi\u00f3n de las distintas categor\u00edas de datos<\/td>\n<td style=\"padding: 10px;\">Un a\u00f1o desde la presentaci\u00f3n de la candidatura.<\/td>\n<\/tr>\n<\/tbody>\n<\/table>\n<p>&nbsp;<\/p>\n<table>\n<thead>\n<tr>\n<th style=\"padding: 10px;\">Tratamiento<\/th>\n<th style=\"padding: 10px;\">Proveedores \/ Colaboradores<\/th>\n<\/tr>\n<\/thead>\n<tbody>\n<tr>\n<td style=\"padding: 10px;\">Finalidad\/es del tratamiento<\/td>\n<td style=\"padding: 10px;\">Gesti\u00f3n de la relaci\u00f3n con las persones proveedoras y colaboradoras.<\/td>\n<\/tr>\n<tr>\n<td style=\"padding: 10px;\">Descripci\u00f3n de la categor\u00eda<\/td>\n<td style=\"padding: 10px;\">Personas con las que se mantiene una relaci\u00f3n comercial como proveedoras de<br \/>\nproductos y\/o<br \/>\nservicios.<\/td>\n<\/tr>\n<tr>\n<td style=\"padding: 10px;\">Licitud del tratamiento<\/td>\n<td style=\"padding: 10px;\">El tratamiento es necesario para el cumplimiento de una obligaci\u00f3n legal aplicable al<br \/>\nresponsable<br \/>\ndel tratamiento (gesti\u00f3n contable). El tratamiento es necesario para la satisfacci\u00f3n<br \/>\nde intereses leg\u00edtimos perseguidos<br \/>\npor la persona responsable del tratamiento (gesti\u00f3n de compras y<br \/>\nencargo de trabajos a<br \/>\npersonas colaboradoras).<\/td>\n<\/tr>\n<tr>\n<td style=\"padding: 10px;\">Categor\u00eda de los datos personales<\/td>\n<td style=\"padding: 10px;\">Los necesarios para el mantenimiento de la relaci\u00f3n comercial.<br \/>\nDe identificaci\u00f3n: nombre y apellidos, NIF, direcci\u00f3n postal, tel\u00e9fono, correo electr\u00f3nico,<br \/>\nsexo,<br \/>\nnacionalidad y otros datos (excluyendo raza, salud o afiliaci\u00f3n sindical).<br \/>\nDatos acad\u00e9micos y profesionales.<br \/>\nDatos bancarios para la domiciliaci\u00f3n de pagos.<\/td>\n<\/tr>\n<tr>\n<td style=\"padding: 10px;\">Categor\u00eda de destinatarios a los que se comunica o comunicar\u00e1n los datos<br \/>\npersonales<\/td>\n<td style=\"padding: 10px;\">Hacienda.<br \/>\nBancos o entidades financieras.<\/td>\n<\/tr>\n<tr>\n<td style=\"padding: 10px;\">Categor\u00eda de encargados del tratamiento por cuenta de la empresa<\/td>\n<td style=\"padding: 10px;\">Gestor\u00eda.<br \/>\nProveedor de mantenimiento de servicios inform\u00e1ticos.<\/td>\n<\/tr>\n<tr>\n<td style=\"padding: 10px;\">Plazo previsto para la supresi\u00f3n de las distintas categor\u00edas de datos<\/td>\n<td style=\"padding: 10px;\">Los previstos para la legislaci\u00f3n fiscal respecto a la prescripci\u00f3n de<br \/>\nresponsabilidades.<\/td>\n<\/tr>\n<\/tbody>\n<\/table>\n<p>&nbsp;<\/p>\n<p><strong>Fecha \u00faltima actualizaci\u00f3n: 11\/03\/2019<\/strong>[\/vc_column_text][\/vc_column][\/vc_row]<\/p>\n<\/div>","protected":false},"excerpt":{"rendered":"<p>[vc_row][vc_column offset=\u00bbvc_col-lg-offset-1 vc_col-lg-10 vc_col-md-offset-1 vc_col-md-10&#8243;][vc_column_text el_class=\u00bblegal-text\u00bb] Aviso legal L\u2019AP\u00d2STROF, SCCL, es una sociedad cooperativa catalana limitada, con CIF F61292181, inscrita en el Registro de Cooperativas en la hoja BN-9467. Su domicilio est\u00e1 en la calle Casp, n\u00fam. 43, bajos 1a, de Barcelona (08010). Correo electr\u00f3nico: info@apostrof.coop L\u2019Ap\u00f2strof compartimos los contenidos propios con una licencia Creative [&hellip;]<\/p>\n","protected":false},"author":3,"featured_media":0,"parent":0,"menu_order":0,"comment_status":"closed","ping_status":"closed","template":"","meta":{"_acf_changed":false,"om_disable_all_campaigns":false,"_monsterinsights_skip_tracking":false,"_monsterinsights_sitenote_active":false,"_monsterinsights_sitenote_note":"","_monsterinsights_sitenote_category":0,"_uf_show_specific_survey":0,"_uf_disable_surveys":false,"footnotes":""},"class_list":["post-2146","page","type-page","status-publish","hentry"],"acf":[],"yoast_head":"<!-- This site is optimized with the Yoast SEO plugin v27.2 - https:\/\/yoast.com\/product\/yoast-seo-wordpress\/ -->\n<title>Aviso legal - L&#039;Ap\u00f2strof<\/title>\n<meta name=\"robots\" content=\"index, follow, max-snippet:-1, max-image-preview:large, max-video-preview:-1\" \/>\n<link rel=\"canonical\" href=\"https:\/\/apostrof.coop\/es\/aviso-legal\/\" \/>\n<meta property=\"og:locale\" content=\"es_ES\" \/>\n<meta property=\"og:type\" content=\"article\" \/>\n<meta property=\"og:title\" content=\"Aviso legal - L&#039;Ap\u00f2strof\" \/>\n<meta property=\"og:description\" content=\"[vc_row][vc_column offset=\u00bbvc_col-lg-offset-1 vc_col-lg-10 vc_col-md-offset-1 vc_col-md-10&#8243;][vc_column_text el_class=\u00bblegal-text\u00bb] Aviso legal L\u2019AP\u00d2STROF, SCCL, es una sociedad cooperativa catalana limitada, con CIF F61292181, inscrita en el Registro de Cooperativas en la hoja BN-9467. Su domicilio est\u00e1 en la calle Casp, n\u00fam. 43, bajos 1a, de Barcelona (08010). Correo electr\u00f3nico: info@apostrof.coop L\u2019Ap\u00f2strof compartimos los contenidos propios con una licencia Creative [&hellip;]\" \/>\n<meta property=\"og:url\" content=\"https:\/\/apostrof.coop\/es\/aviso-legal\/\" \/>\n<meta property=\"og:site_name\" content=\"L&#039;Ap\u00f2strof\" \/>\n<meta property=\"article:publisher\" content=\"https:\/\/www.facebook.com\/apostrofcooperativa\/\" \/>\n<meta property=\"article:modified_time\" content=\"2019-06-13T08:35:36+00:00\" \/>\n<meta name=\"twitter:card\" content=\"summary_large_image\" \/>\n<meta name=\"twitter:site\" content=\"@apostrof_coop\" \/>\n<meta name=\"twitter:label1\" content=\"Tiempo de lectura\" \/>\n\t<meta name=\"twitter:data1\" content=\"9 minutos\" \/>\n<script type=\"application\/ld+json\" class=\"yoast-schema-graph\">{\"@context\":\"https:\/\/schema.org\",\"@graph\":[{\"@type\":\"WebPage\",\"@id\":\"https:\/\/apostrof.coop\/es\/aviso-legal\/\",\"url\":\"https:\/\/apostrof.coop\/es\/aviso-legal\/\",\"name\":\"Aviso legal - L&#039;Ap\u00f2strof\",\"isPartOf\":{\"@id\":\"https:\/\/apostrof.coop\/es\/#website\"},\"datePublished\":\"2019-02-28T13:48:10+00:00\",\"dateModified\":\"2019-06-13T08:35:36+00:00\",\"breadcrumb\":{\"@id\":\"https:\/\/apostrof.coop\/es\/aviso-legal\/#breadcrumb\"},\"inLanguage\":\"es\",\"potentialAction\":[{\"@type\":\"ReadAction\",\"target\":[\"https:\/\/apostrof.coop\/es\/aviso-legal\/\"]}]},{\"@type\":\"BreadcrumbList\",\"@id\":\"https:\/\/apostrof.coop\/es\/aviso-legal\/#breadcrumb\",\"itemListElement\":[{\"@type\":\"ListItem\",\"position\":1,\"name\":\"Inici\",\"item\":\"https:\/\/apostrof.coop\/\"},{\"@type\":\"ListItem\",\"position\":2,\"name\":\"Aviso legal\"}]},{\"@type\":\"WebSite\",\"@id\":\"https:\/\/apostrof.coop\/es\/#website\",\"url\":\"https:\/\/apostrof.coop\/es\/\",\"name\":\"L&#039;Ap\u00f2strof\",\"description\":\"Cooperativa de comunicaci\u00f3\",\"publisher\":{\"@id\":\"https:\/\/apostrof.coop\/es\/#organization\"},\"potentialAction\":[{\"@type\":\"SearchAction\",\"target\":{\"@type\":\"EntryPoint\",\"urlTemplate\":\"https:\/\/apostrof.coop\/es\/?s={search_term_string}\"},\"query-input\":{\"@type\":\"PropertyValueSpecification\",\"valueRequired\":true,\"valueName\":\"search_term_string\"}}],\"inLanguage\":\"es\"},{\"@type\":\"Organization\",\"@id\":\"https:\/\/apostrof.coop\/es\/#organization\",\"name\":\"L'Ap\u00f2strof, SCCL\",\"url\":\"https:\/\/apostrof.coop\/es\/\",\"logo\":{\"@type\":\"ImageObject\",\"inLanguage\":\"es\",\"@id\":\"https:\/\/apostrof.coop\/es\/#\/schema\/logo\/image\/\",\"url\":\"https:\/\/apostrof.coop\/wp-content\/uploads\/2019\/05\/logo_rodo.png\",\"contentUrl\":\"https:\/\/apostrof.coop\/wp-content\/uploads\/2019\/05\/logo_rodo.png\",\"width\":400,\"height\":400,\"caption\":\"L'Ap\u00f2strof, SCCL\"},\"image\":{\"@id\":\"https:\/\/apostrof.coop\/es\/#\/schema\/logo\/image\/\"},\"sameAs\":[\"https:\/\/www.facebook.com\/apostrofcooperativa\/\",\"https:\/\/x.com\/apostrof_coop\",\"https:\/\/www.instagram.com\/apostrof.coop\/\",\"https:\/\/www.linkedin.com\/company\/l'ap-strof-sccl\"]}]}<\/script>\n<!-- \/ Yoast SEO plugin. -->","yoast_head_json":{"title":"Aviso legal - L&#039;Ap\u00f2strof","robots":{"index":"index","follow":"follow","max-snippet":"max-snippet:-1","max-image-preview":"max-image-preview:large","max-video-preview":"max-video-preview:-1"},"canonical":"https:\/\/apostrof.coop\/es\/aviso-legal\/","og_locale":"es_ES","og_type":"article","og_title":"Aviso legal - L&#039;Ap\u00f2strof","og_description":"[vc_row][vc_column offset=\u00bbvc_col-lg-offset-1 vc_col-lg-10 vc_col-md-offset-1 vc_col-md-10&#8243;][vc_column_text el_class=\u00bblegal-text\u00bb] Aviso legal L\u2019AP\u00d2STROF, SCCL, es una sociedad cooperativa catalana limitada, con CIF F61292181, inscrita en el Registro de Cooperativas en la hoja BN-9467. Su domicilio est\u00e1 en la calle Casp, n\u00fam. 43, bajos 1a, de Barcelona (08010). Correo electr\u00f3nico: info@apostrof.coop L\u2019Ap\u00f2strof compartimos los contenidos propios con una licencia Creative [&hellip;]","og_url":"https:\/\/apostrof.coop\/es\/aviso-legal\/","og_site_name":"L&#039;Ap\u00f2strof","article_publisher":"https:\/\/www.facebook.com\/apostrofcooperativa\/","article_modified_time":"2019-06-13T08:35:36+00:00","twitter_card":"summary_large_image","twitter_site":"@apostrof_coop","twitter_misc":{"Tiempo de lectura":"9 minutos"},"schema":{"@context":"https:\/\/schema.org","@graph":[{"@type":"WebPage","@id":"https:\/\/apostrof.coop\/es\/aviso-legal\/","url":"https:\/\/apostrof.coop\/es\/aviso-legal\/","name":"Aviso legal - L&#039;Ap\u00f2strof","isPartOf":{"@id":"https:\/\/apostrof.coop\/es\/#website"},"datePublished":"2019-02-28T13:48:10+00:00","dateModified":"2019-06-13T08:35:36+00:00","breadcrumb":{"@id":"https:\/\/apostrof.coop\/es\/aviso-legal\/#breadcrumb"},"inLanguage":"es","potentialAction":[{"@type":"ReadAction","target":["https:\/\/apostrof.coop\/es\/aviso-legal\/"]}]},{"@type":"BreadcrumbList","@id":"https:\/\/apostrof.coop\/es\/aviso-legal\/#breadcrumb","itemListElement":[{"@type":"ListItem","position":1,"name":"Inici","item":"https:\/\/apostrof.coop\/"},{"@type":"ListItem","position":2,"name":"Aviso legal"}]},{"@type":"WebSite","@id":"https:\/\/apostrof.coop\/es\/#website","url":"https:\/\/apostrof.coop\/es\/","name":"L&#039;Ap\u00f2strof","description":"Cooperativa de comunicaci\u00f3","publisher":{"@id":"https:\/\/apostrof.coop\/es\/#organization"},"potentialAction":[{"@type":"SearchAction","target":{"@type":"EntryPoint","urlTemplate":"https:\/\/apostrof.coop\/es\/?s={search_term_string}"},"query-input":{"@type":"PropertyValueSpecification","valueRequired":true,"valueName":"search_term_string"}}],"inLanguage":"es"},{"@type":"Organization","@id":"https:\/\/apostrof.coop\/es\/#organization","name":"L'Ap\u00f2strof, SCCL","url":"https:\/\/apostrof.coop\/es\/","logo":{"@type":"ImageObject","inLanguage":"es","@id":"https:\/\/apostrof.coop\/es\/#\/schema\/logo\/image\/","url":"https:\/\/apostrof.coop\/wp-content\/uploads\/2019\/05\/logo_rodo.png","contentUrl":"https:\/\/apostrof.coop\/wp-content\/uploads\/2019\/05\/logo_rodo.png","width":400,"height":400,"caption":"L'Ap\u00f2strof, SCCL"},"image":{"@id":"https:\/\/apostrof.coop\/es\/#\/schema\/logo\/image\/"},"sameAs":["https:\/\/www.facebook.com\/apostrofcooperativa\/","https:\/\/x.com\/apostrof_coop","https:\/\/www.instagram.com\/apostrof.coop\/","https:\/\/www.linkedin.com\/company\/l'ap-strof-sccl"]}]}},"_links":{"self":[{"href":"https:\/\/apostrof.coop\/es\/wp-json\/wp\/v2\/pages\/2146","targetHints":{"allow":["GET"]}}],"collection":[{"href":"https:\/\/apostrof.coop\/es\/wp-json\/wp\/v2\/pages"}],"about":[{"href":"https:\/\/apostrof.coop\/es\/wp-json\/wp\/v2\/types\/page"}],"author":[{"embeddable":true,"href":"https:\/\/apostrof.coop\/es\/wp-json\/wp\/v2\/users\/3"}],"replies":[{"embeddable":true,"href":"https:\/\/apostrof.coop\/es\/wp-json\/wp\/v2\/comments?post=2146"}],"version-history":[{"count":4,"href":"https:\/\/apostrof.coop\/es\/wp-json\/wp\/v2\/pages\/2146\/revisions"}],"predecessor-version":[{"id":2215,"href":"https:\/\/apostrof.coop\/es\/wp-json\/wp\/v2\/pages\/2146\/revisions\/2215"}],"wp:attachment":[{"href":"https:\/\/apostrof.coop\/es\/wp-json\/wp\/v2\/media?parent=2146"}],"curies":[{"name":"wp","href":"https:\/\/api.w.org\/{rel}","templated":true}]}}